{"version":"1.0","provider_name":"Cl\u00ednica de Direitos Humanos da UFMG","provider_url":"https:\/\/clinicadh.direito.ufmg.br","title":"Cons\u00f3rcio-Observat\u00f3rio Interamericano - Cl\u00ednica de Direitos Humanos da UFMG","type":"rich","width":600,"height":338,"html":"<blockquote class=\"wp-embedded-content\" data-secret=\"silWmbDTwt\"><a href=\"https:\/\/clinicadh.direito.ufmg.br\/index.php\/2022\/10\/13\/consorcio-observatorio-interamericano\/\">Cons\u00f3rcio-Observat\u00f3rio Interamericano<\/a><\/blockquote><iframe sandbox=\"allow-scripts\" security=\"restricted\" src=\"https:\/\/clinicadh.direito.ufmg.br\/index.php\/2022\/10\/13\/consorcio-observatorio-interamericano\/embed\/#?secret=silWmbDTwt\" width=\"600\" height=\"338\" title=\"&#8220;Cons\u00f3rcio-Observat\u00f3rio Interamericano&#8221; &#8212; Cl\u00ednica de Direitos Humanos da UFMG\" data-secret=\"silWmbDTwt\" frameborder=\"0\" marginwidth=\"0\" marginheight=\"0\" scrolling=\"no\" class=\"wp-embedded-content\"><\/iframe><script type=\"text\/javascript\">\n\/* <![CDATA[ *\/\n\/*! This file is auto-generated *\/\n!function(d,l){\"use strict\";l.querySelector&&d.addEventListener&&\"undefined\"!=typeof URL&&(d.wp=d.wp||{},d.wp.receiveEmbedMessage||(d.wp.receiveEmbedMessage=function(e){var t=e.data;if((t||t.secret||t.message||t.value)&&!\/[^a-zA-Z0-9]\/.test(t.secret)){for(var s,r,n,a=l.querySelectorAll('iframe[data-secret=\"'+t.secret+'\"]'),o=l.querySelectorAll('blockquote[data-secret=\"'+t.secret+'\"]'),c=new RegExp(\"^https?:$\",\"i\"),i=0;i<o.length;i++)o[i].style.display=\"none\";for(i=0;i<a.length;i++)s=a[i],e.source===s.contentWindow&&(s.removeAttribute(\"style\"),\"height\"===t.message?(1e3<(r=parseInt(t.value,10))?r=1e3:~~r<200&&(r=200),s.height=r):\"link\"===t.message&&(r=new URL(s.getAttribute(\"src\")),n=new URL(t.value),c.test(n.protocol))&&n.host===r.host&&l.activeElement===s&&(d.top.location.href=t.value))}},d.addEventListener(\"message\",d.wp.receiveEmbedMessage,!1),l.addEventListener(\"DOMContentLoaded\",function(){for(var e,t,s=l.querySelectorAll(\"iframe.wp-embedded-content\"),r=0;r<s.length;r++)(t=(e=s[r]).getAttribute(\"data-secret\"))||(t=Math.random().toString(36).substring(2,12),e.src+=\"#?secret=\"+t,e.setAttribute(\"data-secret\",t)),e.contentWindow.postMessage({message:\"ready\",secret:t},\"*\")},!1)))}(window,document);\n\/* ]]> *\/\n<\/script>\n","thumbnail_url":"https:\/\/clinicadh.direito.ufmg.br\/wp-content\/uploads\/2022\/10\/Pesquisa2-800x900.png","thumbnail_width":800,"thumbnail_height":900,"description":"A pesquisa se estruturou em tr\u00eas partes: (I) realiza\u00e7\u00e3o de estudo sobre a atua\u00e7\u00e3o de organiza\u00e7\u00f5es n\u00e3o-governamentais (ONGs) voltadas \u00e0 promo\u00e7\u00e3o dos direitos das crian\u00e7as e adolescentes no Brasil; (II) an\u00e1lise estruturada da Pol\u00edtica Nacional de Prote\u00e7\u00e3o aos Defensores de Direitos Humanos (PNPDDH) e sua aplica\u00e7\u00e3o em \u00e2mbito nacional, com enfoque na prote\u00e7\u00e3o dos profissionais que atuam na defesa dos direitos de crian\u00e7as e adolescentes; e (III) an\u00e1lise do efeito das recomenda\u00e7\u00f5es da Comiss\u00e3o Interamericana sobre direitos das crian\u00e7as e adolescentes nas informa\u00e7\u00f5es produzidas pela m\u00eddia e \u00f3rg\u00e3os estatais, no que se refere a crian\u00e7as e adolescentes. \u00c9 evidente, portanto, que este relat\u00f3rio \u00e9 necess\u00e1rio e indispens\u00e1vel para a formula\u00e7\u00e3o de pol\u00edticas p\u00fablicas efetivas por parte da Administra\u00e7\u00e3o P\u00fablica, para o mapeamento e o combate das principais car\u00eancias no tema e para a potencializa\u00e7\u00e3o do trabalho desenvolvido pela CIDH em territ\u00f3rio brasileiro. Acesso da pesquisa completa: https:\/\/drive.google.com\/drive\/folders\/1Ifv_xInwmo-5FYSKLIY2yfDnj45ETHJV (A Cl\u00ednica de Direitos Humanos da UFMG comp\u00f4s o COINTER juntamente com mais 5 grupos de pesquisa das universidades p\u00fablicas brasileiras UFRRJ, UERJ, UFRJ, UFF e UFJF. Para mais informa\u00e7\u00f5es, consulte nosso site e posts anteriores que tratam sobre a tem\u00e1tica e o trabalho desenvolvido pelo eixo de Justi\u00e7a Socioambiental da CdH\/UFMG.)"}