{"version":"1.0","provider_name":"Cl\u00ednica de Direitos Humanos da UFMG","provider_url":"https:\/\/clinicadh.direito.ufmg.br","title":"Semin\u00e1rio Constru\u00e7\u00f5es Interdisciplinares-2017: o que s\u00e3o Direitos Humanos - Cl\u00ednica de Direitos Humanos da UFMG","type":"rich","width":600,"height":338,"html":"<blockquote class=\"wp-embedded-content\" data-secret=\"Hn6lbt9THX\"><a href=\"https:\/\/clinicadh.direito.ufmg.br\/index.php\/2017\/03\/29\/construcoes-interdisciplinares-2017\/\">Semin\u00e1rio Constru\u00e7\u00f5es Interdisciplinares-2017: o que s\u00e3o Direitos Humanos<\/a><\/blockquote><iframe sandbox=\"allow-scripts\" security=\"restricted\" src=\"https:\/\/clinicadh.direito.ufmg.br\/index.php\/2017\/03\/29\/construcoes-interdisciplinares-2017\/embed\/#?secret=Hn6lbt9THX\" width=\"600\" height=\"338\" title=\"&#8220;Semin\u00e1rio Constru\u00e7\u00f5es Interdisciplinares-2017: o que s\u00e3o Direitos Humanos&#8221; &#8212; Cl\u00ednica de Direitos Humanos da UFMG\" data-secret=\"Hn6lbt9THX\" frameborder=\"0\" marginwidth=\"0\" marginheight=\"0\" scrolling=\"no\" class=\"wp-embedded-content\"><\/iframe><script type=\"text\/javascript\">\n\/* <![CDATA[ *\/\n\/*! This file is auto-generated *\/\n!function(d,l){\"use strict\";l.querySelector&&d.addEventListener&&\"undefined\"!=typeof URL&&(d.wp=d.wp||{},d.wp.receiveEmbedMessage||(d.wp.receiveEmbedMessage=function(e){var t=e.data;if((t||t.secret||t.message||t.value)&&!\/[^a-zA-Z0-9]\/.test(t.secret)){for(var s,r,n,a=l.querySelectorAll('iframe[data-secret=\"'+t.secret+'\"]'),o=l.querySelectorAll('blockquote[data-secret=\"'+t.secret+'\"]'),c=new RegExp(\"^https?:$\",\"i\"),i=0;i<o.length;i++)o[i].style.display=\"none\";for(i=0;i<a.length;i++)s=a[i],e.source===s.contentWindow&&(s.removeAttribute(\"style\"),\"height\"===t.message?(1e3<(r=parseInt(t.value,10))?r=1e3:~~r<200&&(r=200),s.height=r):\"link\"===t.message&&(r=new URL(s.getAttribute(\"src\")),n=new URL(t.value),c.test(n.protocol))&&n.host===r.host&&l.activeElement===s&&(d.top.location.href=t.value))}},d.addEventListener(\"message\",d.wp.receiveEmbedMessage,!1),l.addEventListener(\"DOMContentLoaded\",function(){for(var e,t,s=l.querySelectorAll(\"iframe.wp-embedded-content\"),r=0;r<s.length;r++)(t=(e=s[r]).getAttribute(\"data-secret\"))||(t=Math.random().toString(36).substring(2,12),e.src+=\"#?secret=\"+t,e.setAttribute(\"data-secret\",t)),e.contentWindow.postMessage({message:\"ready\",secret:t},\"*\")},!1)))}(window,document);\n\/* ]]> *\/\n<\/script>\n","description":"Com organiza\u00e7\u00e3o da CDH e da DAJ, o semin\u00e1rio buscou discutir, atrav\u00e9s de pain\u00e9is com convidadas e convidadas de v\u00e1rias partes do Brasil, o conceito de direitos humanos para diferentes \u00e1reas do conhecimento, Al\u00e9m disso, foram discutidos os temas da pornografia n\u00e3o-consensual e de adolescentes trans no sistema socioeducativo em sua rela\u00e7\u00e3o com direitos humanos e a atua\u00e7\u00e3o das Cl\u00ednicas Jur\u00eddicas no Brasil. Ao longo do evento, foi montada uma exposi\u00e7\u00e3o com obras da cole\u00e7\u00e3o \u201cMulheres\u201d da artista mineira Carol Rossetti, que ainda participou de uma roda de conversa sobre direitos humanos e representa\u00e7\u00e3o art\u00edstica. A CDH recebeu mais de 125 inscri\u00e7\u00f5es de interessados em participar do semin\u00e1rio, entre estudantes universit\u00e1rios de v\u00e1rias institui\u00e7\u00f5es e profissionais ligados \u00e0 \u00e1rea de Direitos Humanos.","thumbnail_url":"http:\/\/localhost\/cdh\/wp-content\/uploads\/2019\/02\/noticia-20170329.jpg"}