{"version":"1.0","provider_name":"Cl\u00ednica de Direitos Humanos da UFMG","provider_url":"https:\/\/clinicadh.direito.ufmg.br","title":"Constru\u00e7\u00f5es Interdisciplinares-2016: o que s\u00e3o direitos humanos? - 29, 30 e 31 de mar\u00e7o - Cl\u00ednica de Direitos Humanos da UFMG","type":"rich","width":600,"height":338,"html":"<blockquote class=\"wp-embedded-content\" data-secret=\"PcGXI2bF4k\"><a href=\"https:\/\/clinicadh.direito.ufmg.br\/index.php\/2016\/02\/24\/construcoes-interdisciplinares-2016\/\">Constru\u00e7\u00f5es Interdisciplinares-2016: o que s\u00e3o direitos humanos? &#8211; 29, 30 e 31 de mar\u00e7o<\/a><\/blockquote><iframe sandbox=\"allow-scripts\" security=\"restricted\" src=\"https:\/\/clinicadh.direito.ufmg.br\/index.php\/2016\/02\/24\/construcoes-interdisciplinares-2016\/embed\/#?secret=PcGXI2bF4k\" width=\"600\" height=\"338\" title=\"&#8220;Constru\u00e7\u00f5es Interdisciplinares-2016: o que s\u00e3o direitos humanos? &#8211; 29, 30 e 31 de mar\u00e7o&#8221; &#8212; Cl\u00ednica de Direitos Humanos da UFMG\" data-secret=\"PcGXI2bF4k\" frameborder=\"0\" marginwidth=\"0\" marginheight=\"0\" scrolling=\"no\" class=\"wp-embedded-content\"><\/iframe><script type=\"text\/javascript\">\n\/* <![CDATA[ *\/\n\/*! This file is auto-generated *\/\n!function(d,l){\"use strict\";l.querySelector&&d.addEventListener&&\"undefined\"!=typeof URL&&(d.wp=d.wp||{},d.wp.receiveEmbedMessage||(d.wp.receiveEmbedMessage=function(e){var t=e.data;if((t||t.secret||t.message||t.value)&&!\/[^a-zA-Z0-9]\/.test(t.secret)){for(var s,r,n,a=l.querySelectorAll('iframe[data-secret=\"'+t.secret+'\"]'),o=l.querySelectorAll('blockquote[data-secret=\"'+t.secret+'\"]'),c=new RegExp(\"^https?:$\",\"i\"),i=0;i<o.length;i++)o[i].style.display=\"none\";for(i=0;i<a.length;i++)s=a[i],e.source===s.contentWindow&&(s.removeAttribute(\"style\"),\"height\"===t.message?(1e3<(r=parseInt(t.value,10))?r=1e3:~~r<200&&(r=200),s.height=r):\"link\"===t.message&&(r=new URL(s.getAttribute(\"src\")),n=new URL(t.value),c.test(n.protocol))&&n.host===r.host&&l.activeElement===s&&(d.top.location.href=t.value))}},d.addEventListener(\"message\",d.wp.receiveEmbedMessage,!1),l.addEventListener(\"DOMContentLoaded\",function(){for(var e,t,s=l.querySelectorAll(\"iframe.wp-embedded-content\"),r=0;r<s.length;r++)(t=(e=s[r]).getAttribute(\"data-secret\"))||(t=Math.random().toString(36).substring(2,12),e.src+=\"#?secret=\"+t,e.setAttribute(\"data-secret\",t)),e.contentWindow.postMessage({message:\"ready\",secret:t},\"*\")},!1)))}(window,document);\n\/* ]]> *\/\n<\/script>\n","description":"Com o objetivo de discutir o conceito de Direitos Humanos, a CdH ir\u00e1 promover, nos dias 29, 30 e 31 de mar\u00e7o,\u00a0um semin\u00e1rio interdisciplinar sobre o tema. O evento ser\u00e1 realizado na Faculdade de Direito e Ci\u00eancias do Estado da UFMG, na sala da Congrega\u00e7\u00e3o (2\u00baandar do Ed. Vilas Boas) e contar\u00e1 com a presen\u00e7a de professores, acad\u00eamicos, integrantes de movimento social e atores do sistema de justi\u00e7a de diversas \u00e1reas do conhecimento. Confira nossa programa\u00e7\u00e3o: 1\u00ba DIA (29 de mar\u00e7o \u2013 ter\u00e7a-feira) 11h \u00e0s 14h \u2013 Painel de abertura: O que s\u00e3o Direitos Humanos: vis\u00f5es da Antropologia e do Direito Internacional dos Direitos Humanos Palestrantes: Ana L\u00facia Pastore Schritzmeyer e\u00a0\u00c2ngela Pires Terto 17h \u00e0s 19h30 &#8211; 2\u00ba Painel: Pornografia n\u00e3o consensual como viola\u00e7\u00e3o a Direitos Humanos Palestrantes: Rose Leonel e Cl\u00e1udia Natividade 2\u00ba DIA (30 de mar\u00e7o \u2013 quarta-feira) 11h \u00e0s 14h \u2013 3\u00ba Painel: O que s\u00e3o Direitos Humanos? Vis\u00f5es do Direito Constitucional e da Psicologia Social Palestrantes: Ela Wiecko Volkmer de Castilho e Marco Aur\u00e9lio M\u00e1ximo Prado 17h \u00e0s 19h30 &#8211; 4\u00ba Painel: G\u00eanero e sexualidade na inf\u00e2ncia e adolesc\u00eancia: interfaces com o Sistema Socioeducativo Palestrantes: Tiago Duque e M\u00e1rcio Rog\u00e9rio 3\u00ba DIA (31 de mar\u00e7o \u2013 quinta-feira) 11h \u00e0s 14h \u2013 5\u00ba Painel: Direitos Humanos e a import\u00e2ncia das Cl\u00ednicas pelo Brasil Palestrantes: Janaina Dantas Germano, Valena Jacob e Diego Valadares. 17h \u00e0s 19h30 \u2013 Painel de encerramento: Das necessidades humanas aos direitos: vis\u00f5es de filosofia do direito e ci\u00eancia pol\u00edtica. Palestrante: Miracy Gustin Confirme sua presen\u00e7a no evento aqui!","thumbnail_url":"http:\/\/localhost\/cdh\/wp-content\/uploads\/2016\/02\/noticia-20160224.jpg"}